{"id":4759,"date":"2013-12-18T17:15:24","date_gmt":"2013-12-18T16:15:24","guid":{"rendered":"http:\/\/www.abbayesaintandre.com\/?page_id=4759"},"modified":"2021-05-28T14:08:26","modified_gmt":"2021-05-28T14:08:26","slug":"histoire","status":"publish","type":"page","link":"https:\/\/www.abbayesaintandre.com\/?page_id=4759","title":{"rendered":"History"},"content":{"rendered":"<h1>The history of the Abbey<\/h1>\n<p style=\"text-align: justify;\">Classified as a National Heritage Site (\u00ab Monument Historique \u00bb since 1947), the Abbey of Saint-Andr\u00e9 and its gardens have ties to many historical periods. From its beginnings as a modest hermitage in the 6th century, it grew to play a role in international history with its most glorious periods in the 13th and 14th centuries.<br \/>\nMount Andaon\u2019s elevation of 68 meters (223 feet) and its location on the right bank of the Rhone River give the site a strategic geographical position probably envied since Gallo-Roman times.<\/p>\n<div class=\"accordian fusion-accordian\"><div class=\"panel-group\" id=\"accordion-1\">\n<div class=\"fusion-panel panel-default\"><div class=\"panel-heading\"><h4 class=\"panel-title toggle\"><a data-toggle=\"collapse\" data-parent=\"#accordion-1\" data-target=\"#collapse-69f1a786950c3\" href=\"#collapse-69f1a786950c3\"><i class=\"fa-fusion-box\"><\/i>From St. Casarie\u2019s hermitage to the first Benedictine Abbey<\/a><\/h4><\/div><div id=\"collapse-69f1a786950c3\" class=\"panel-collapse collapse \"><div class=\"panel-body toggle-content\">\n<div class=\"fusion-one-third one_third fusion-column\"><a title=\"\" href=\"http:\/\/www.abbayesaintandre.com\/wp-content\/uploads\/2013\/12\/ermitage.jpg\" rel=\"prettyPhoto\"><img decoding=\"async\" src=\"http:\/\/www.abbayesaintandre.com\/wp-content\/uploads\/2013\/12\/ermitage-thumb.jpg\" alt=\"\" \/><\/a><\/div>\n<div class=\"fusion-two-third two_third fusion-column last\">\n<p style=\"text-align: justify;\">In the second half of the 6th century, Casarie, like many other hermits of her time, retreated into a cave to pray and meditate. Her hermitage was on Mount Andaon, where she died in 586. The veneration that surrounded her tomb led to the creation of an important cemetery on the hill and of a religious settlement on the site, although its situation remained precarious for many years. By the 10th century, the community was following the rule of St. Benedict, and it appears to have been formally constituted, approved in 982 by Garnier, Bishop of Avignon, and in 999 by Pope Gregory Vth.<\/p>\n<\/div><div class=\"fusion-clearfix\"><\/div><\/div><\/div><\/div>\n<div class=\"fusion-panel panel-default\"><div class=\"panel-heading\"><h4 class=\"panel-title toggle\"><a data-toggle=\"collapse\" data-parent=\"#accordion-1\" data-target=\"#collapse-69f1a78695230\" href=\"#collapse-69f1a78695230\"><i class=\"fa-fusion-box\"><\/i>A royal Abbey opposite the papacy of Avignon<\/a><\/h4><\/div><div id=\"collapse-69f1a78695230\" class=\"panel-collapse collapse \"><div class=\"panel-body toggle-content\">\n<div class=\"fusion-one-half one_half fusion-column\">\n<p style=\"text-align: justify;\">The power of the monastery increased rapidly. While a chapel now stands on top of the holy cave, churches were erected on both sides of the former cemetery: St-Martin in 1024 and St-Andr\u00e9 consecrated in 1118 in the presence of Pope Gelasius II. At that time, Pope Gelasius\u2019 bull enumerated the 80 priories on the two banks of the Rh\u00f4ne that already depended on the Abbey. In the 13th century, after the siege of Avignon by King Louis VIII of France and its eventual capitulation, a new chapter opened in the history of the Abbey with the act of union in 1226 between Abbot Bertrand de Clausonne and King Louis VIII, confirmed by Philippe Le Bel in 1292. The act of union recognized the seigneurial rights (rights to rule) of the abbots of Saint-Andr\u00e9, and liberated them from the control of Avignon. The agreement allowed the construction of Fort St-Andr\u00e9, which was an important outpost for the Kingdom of France and the Capetian dynasty, since the fort faced Avignon where the papacy was established in 1309. The fort was completed around 1372 and remains among the most remarkable 14th century fortifications in France.<br \/>\nThe 13th and 14th centuries were the peak of prosperity for the royal Abbey. The number of monks rose to more than 90, and an inventory done in 1307 reveals the magnitude of its treasures and its vast library. The Abbey held a vast domain to which were added the revenues of 211 priories in the Languedoc region and Provence. The dark years of the 15th and particularly the 16th century marked a period of decadence and decline.<\/p>\n<\/div><div class=\"fusion-one-half one_half fusion-column last\"><a href=\"http:\/\/www.abbayesaintandre.com\/wp-content\/uploads\/2014\/01\/abbaye-royale-thumb.jpg\" rel=\"prettyPhoto\"><img loading=\"lazy\" decoding=\"async\" src=\"http:\/\/www.abbayesaintandre.com\/wp-content\/uploads\/2014\/01\/abbaye-royale-thumb.jpg\" alt=\"\" width=\"450\" height=\"450\" \/><\/a><\/div><div class=\"fusion-clearfix\"><\/div>\n<\/div><\/div><\/div>\n<div class=\"fusion-panel panel-default\"><div class=\"panel-heading\"><h4 class=\"panel-title toggle\"><a data-toggle=\"collapse\" data-parent=\"#accordion-1\" data-target=\"#collapse-69f1a7869537e\" href=\"#collapse-69f1a7869537e\"><i class=\"fa-fusion-box\"><\/i>The St. Maur congregation\u2019s Abbatial Palace<\/a><\/h4><\/div><div id=\"collapse-69f1a7869537e\" class=\"panel-collapse collapse \"><div class=\"panel-body toggle-content\">\n<div class=\"fusion-one-third one_third fusion-column\"><a title=\"\" href=\"http:\/\/www.abbayesaintandre.com\/wp-content\/uploads\/2013\/12\/saint-maur.jpg\" rel=\"prettyPhoto\"><img decoding=\"async\" src=\"http:\/\/www.abbayesaintandre.com\/wp-content\/uploads\/2014\/01\/saint-maur-thumb300.jpg\" alt=\"\" \/><\/a><\/div>\n<div class=\"fusion-two-third two_third fusion-column last\">\n<p style=\"text-align: justify;\">In 1637, with the installation of the Congregation of St. Maur and a resulting spiritual revival, an ambitious program of reconstruction of the monastery began with designs and oversight by Pierre Mignard, King Louis XIV\u2019s architect. The Church of St-Martin, whose vault had collapsed in 1603, was rebuilt and redecorated with red marble columns and a monumental altarpiece, and the chapel of the Virgin was added between the two churches. High walls surrounded the domain, which was dominated by the chapel of St. Casarie atop Mount Andaon.<br \/>\nThe Abbatial Palace was of typical classical design with a large two-story building standing on a terrace supported by powerful Piranesi-style vaulted arches, the ensemble completed on each side by matching three-story pavilions with pediments. In the 18th century, the architect Jean-Ange Brun redesigned and rebuilt the entry courtyard and added beautifully vaulted rooms to its pavilion. These additions and improvements vividly affirmed the power of the Church, a sharp contrast with the reality that only 11 monks were living there in 1790.<\/p>\n<\/div><div class=\"fusion-clearfix\"><\/div>\n<\/div><\/div><\/div>\n<div class=\"fusion-panel panel-default\"><div class=\"panel-heading\"><h4 class=\"panel-title toggle\"><a data-toggle=\"collapse\" data-parent=\"#accordion-1\" data-target=\"#collapse-69f1a78695454\" href=\"#collapse-69f1a78695454\"><i class=\"fa-fusion-box\"><\/i>The destruction of the Revolution<\/a><\/h4><\/div><div id=\"collapse-69f1a78695454\" class=\"panel-collapse collapse \"><div class=\"panel-body toggle-content\">\n<div class=\"fusion-one-third one_third fusion-column\"><a title=\"\" href=\"http:\/\/www.abbayesaintandre.com\/wp-content\/uploads\/2013\/12\/Demolition.jpg\" rel=\"prettyPhoto\"><img decoding=\"async\" src=\"http:\/\/www.abbayesaintandre.com\/wp-content\/uploads\/2014\/01\/Demolition-thumb.jpg\" alt=\"\" \/><\/a><\/div>\n<div class=\"fusion-two-third two_third fusion-column last\">\n<p style=\"text-align: justify;\">On September 3, 1792, the French Revolution drove the last of the monks from the Abbey. At first converted into a military hospital, the Abbey was sold to an estate agent who decided to demolish it and sell the materials. The only building spared was the beautiful entrance pavilion, which served as housing, and the large terrace supported by its magnificent vaulted arches survived also, witness to one of the most important monasteries of southern France.<br \/>\nIn 1868, the congregation of the Sister Victims of the Heart of Jesus settled at the Abbey. It was bought \u00edn 1913 by the painter Louis Yperman, known for his restorations of the frescoes of the Popes&rsquo; Palace in Avignon, and he established an orphanage at the Abbey. It was during this period that his friend Emile Bernard executed the cycle of three murals on the ceiling of one of the vaulted rooms.<\/p>\n<\/div><div class=\"fusion-clearfix\"><\/div>\n<\/div><\/div><\/div>\n<div class=\"fusion-panel panel-default\"><div class=\"panel-heading\"><h4 class=\"panel-title toggle\"><a data-toggle=\"collapse\" data-parent=\"#accordion-1\" data-target=\"#collapse-69f1a78695515\" href=\"#collapse-69f1a78695515\"><i class=\"fa-fusion-box\"><\/i>The 20th century renaissance with Elsa Koeberl\u00e9 followed by Roseline Bacou<\/a><\/h4><\/div><div id=\"collapse-69f1a78695515\" class=\"panel-collapse collapse \"><div class=\"panel-body toggle-content\">\n<div class=\"fusion-one-third one_third fusion-column\"><img loading=\"lazy\" decoding=\"async\" class=\"aligncenter size-full wp-image-5014\" src=\"http:\/\/www.abbayesaintandre.com\/wp-content\/uploads\/2014\/01\/Roseline-Bacou.jpg\" alt=\"Roseline-Bacou\" width=\"310\" height=\"310\" \/><\/div>\n<div class=\"fusion-two-third two_third fusion-column last\">\n<p style=\"text-align: justify;\">It was in late 1915, during her stay in Villeneuve, that Elsa Koeberl\u00e9 discovered the Abbey Saint-Andr\u00e9, which became the center of her existence until her death in 1950. Daughter of Dr. Koeberl\u00e9, art collector and friend of artists such as Antoine Bourdelle, she published her first book of poems at the age of 21. Having escaped Alsace in 1914 just before the German occupation, Elsa Koeberl\u00e9 met Gustave Fayet in 1916. He bought the Abbey Saint-Andr\u00e9 for her in August of that year, confident that he would be repaid when the German occupation that froze her assets ended.<br \/>\nBorn in B\u00e9ziers, Languedoc, in 1865, Gustave Fayet was a painter, ceramist, and famous collector of the works of Van Gogh, Gauguin and Redon. He had just recently purchased, in 1908, the Cistercian Abbey of Fontfroide, near Narbonne. After the war ended and she regained access to her funds, Elsa Koeberl\u00e9 repaid Fayet and devoted her entire fortune to the restoration of the Abbey, without ever wanting to change, out of gratitude for his support, her status as \u00ab\u00a0tenant for life\u00a0\u00bb of Gustave Fayet.<br \/>\nElsa Koeberl\u00e9\u2019s friend G\u00e9nia Lioubow, writer and painter, lived with her at the Abbey, and the two women shared the work of restoring and improving it until G\u00e9nia Lioubow&rsquo;s death in 1944. She left behind a substantial portfolio of paintings and drawings.<br \/>\nIn 1950, the Abbey passed from Elsa Koeberl\u00e9 to Roseline Bacou, a granddaughter of Gustave Fayet. Head curator of the Graphic Art Department of the Louvre Museum in Paris, Roseline Bacou continued major restorations at the Abbey with the help of the Center for National Monuments, which supports National Heritage Sites (\u00ab Monuments Historiques \u00bb) in France. Passionately devoted to the development of the Abbey of Saint-Andr\u00e9 and its gardens, Roseline Bacou opened them to visitors for the first time in 1990. Since her death in February 2013, her family continues the task of restoring and improving the Abbey with equal energy and commitment.<\/p>\n<\/div><div class=\"fusion-clearfix\"><\/div>\n<\/div><\/div><\/div>\n<\/div><\/div>\n<i>Note: A symposium held September 24-26, 1999, whose proceedings were published in 2000, celebrated the millenium of the Abbey\u2019s founding in 999.<br \/>\n<\/i><\/p>\n","protected":false},"excerpt":{"rendered":"<p>The history of the Abbey Classified as a National Heritage Site (\u00ab Monument Historique \u00bb since 1947), the Abbey of Saint-Andr\u00e9 and its gardens have ties to many historical periods. From its beginnings as a modest hermitage in the 6th century, it grew to play a role in international history with its most glorious periods in the 13th and 14th [&hellip;]<\/p>\n","protected":false},"author":1,"featured_media":0,"parent":0,"menu_order":0,"comment_status":"open","ping_status":"open","template":"full-width.php","meta":{"footnotes":""},"class_list":["post-4759","page","type-page","status-publish","hentry"],"yoast_head":"<!-- This site is optimized with the Yoast SEO plugin v27.0 - https:\/\/yoast.com\/product\/yoast-seo-wordpress\/ -->\n<title>History - Abbaye Saint-Andr\u00e9 - Villeneuve-lez-Avignon<\/title>\n<meta name=\"robots\" content=\"index, follow, max-snippet:-1, max-image-preview:large, max-video-preview:-1\" \/>\n<link rel=\"canonical\" href=\"https:\/\/www.abbayesaintandre.com\/?page_id=4759\" \/>\n<meta property=\"og:locale\" content=\"fr_FR\" \/>\n<meta property=\"og:type\" content=\"article\" \/>\n<meta property=\"og:title\" content=\"History - Abbaye Saint-Andr\u00e9 - Villeneuve-lez-Avignon\" \/>\n<meta property=\"og:description\" content=\"The history of the Abbey Classified as a National Heritage Site (\u00ab Monument Historique \u00bb since 1947), the Abbey of Saint-Andr\u00e9 and its gardens have ties to many historical periods. From its beginnings as a modest hermitage in the 6th century, it grew to play a role in international history with its most glorious periods in the 13th and 14th [&hellip;]\" \/>\n<meta property=\"og:url\" content=\"https:\/\/www.abbayesaintandre.com\/?page_id=4759\" \/>\n<meta property=\"og:site_name\" content=\"Abbaye Saint-Andr\u00e9 - Villeneuve-lez-Avignon\" \/>\n<meta property=\"article:modified_time\" content=\"2021-05-28T14:08:26+00:00\" \/>\n<meta property=\"og:image\" content=\"http:\/\/www.abbayesaintandre.com\/wp-content\/uploads\/2013\/12\/ermitage-thumb.jpg\" \/>\n<meta name=\"twitter:card\" content=\"summary_large_image\" \/>\n<meta name=\"twitter:label1\" content=\"Dur\u00e9e de lecture estim\u00e9e\" \/>\n\t<meta name=\"twitter:data1\" content=\"7 minutes\" \/>\n<script type=\"application\/ld+json\" class=\"yoast-schema-graph\">{\"@context\":\"https:\/\/schema.org\",\"@graph\":[{\"@type\":\"WebPage\",\"@id\":\"https:\/\/www.abbayesaintandre.com\/?page_id=4759\",\"url\":\"https:\/\/www.abbayesaintandre.com\/?page_id=4759\",\"name\":\"History - Abbaye Saint-Andr\u00e9 - Villeneuve-lez-Avignon\",\"isPartOf\":{\"@id\":\"https:\/\/www.abbayesaintandre.com\/#website\"},\"primaryImageOfPage\":{\"@id\":\"https:\/\/www.abbayesaintandre.com\/?page_id=4759#primaryimage\"},\"image\":{\"@id\":\"https:\/\/www.abbayesaintandre.com\/?page_id=4759#primaryimage\"},\"thumbnailUrl\":\"http:\/\/www.abbayesaintandre.com\/wp-content\/uploads\/2013\/12\/ermitage-thumb.jpg\",\"datePublished\":\"2013-12-18T16:15:24+00:00\",\"dateModified\":\"2021-05-28T14:08:26+00:00\",\"breadcrumb\":{\"@id\":\"https:\/\/www.abbayesaintandre.com\/?page_id=4759#breadcrumb\"},\"inLanguage\":\"fr-FR\",\"potentialAction\":[{\"@type\":\"ReadAction\",\"target\":[\"https:\/\/www.abbayesaintandre.com\/?page_id=4759\"]}]},{\"@type\":\"ImageObject\",\"inLanguage\":\"fr-FR\",\"@id\":\"https:\/\/www.abbayesaintandre.com\/?page_id=4759#primaryimage\",\"url\":\"http:\/\/www.abbayesaintandre.com\/wp-content\/uploads\/2013\/12\/ermitage-thumb.jpg\",\"contentUrl\":\"http:\/\/www.abbayesaintandre.com\/wp-content\/uploads\/2013\/12\/ermitage-thumb.jpg\"},{\"@type\":\"BreadcrumbList\",\"@id\":\"https:\/\/www.abbayesaintandre.com\/?page_id=4759#breadcrumb\",\"itemListElement\":[{\"@type\":\"ListItem\",\"position\":1,\"name\":\"Home\",\"item\":\"https:\/\/www.abbayesaintandre.com\/\"},{\"@type\":\"ListItem\",\"position\":2,\"name\":\"History\"}]},{\"@type\":\"WebSite\",\"@id\":\"https:\/\/www.abbayesaintandre.com\/#website\",\"url\":\"https:\/\/www.abbayesaintandre.com\/\",\"name\":\"Abbaye Saint-Andr\u00e9 - Villeneuve-lez-Avignon\",\"description\":\"Jardin remarquable &amp; abbey in south of France\",\"potentialAction\":[{\"@type\":\"SearchAction\",\"target\":{\"@type\":\"EntryPoint\",\"urlTemplate\":\"https:\/\/www.abbayesaintandre.com\/?s={search_term_string}\"},\"query-input\":{\"@type\":\"PropertyValueSpecification\",\"valueRequired\":true,\"valueName\":\"search_term_string\"}}],\"inLanguage\":\"fr-FR\"}]}<\/script>\n<!-- \/ Yoast SEO plugin. -->","yoast_head_json":{"title":"History - Abbaye Saint-Andr\u00e9 - Villeneuve-lez-Avignon","robots":{"index":"index","follow":"follow","max-snippet":"max-snippet:-1","max-image-preview":"max-image-preview:large","max-video-preview":"max-video-preview:-1"},"canonical":"https:\/\/www.abbayesaintandre.com\/?page_id=4759","og_locale":"fr_FR","og_type":"article","og_title":"History - Abbaye Saint-Andr\u00e9 - Villeneuve-lez-Avignon","og_description":"The history of the Abbey Classified as a National Heritage Site (\u00ab Monument Historique \u00bb since 1947), the Abbey of Saint-Andr\u00e9 and its gardens have ties to many historical periods. From its beginnings as a modest hermitage in the 6th century, it grew to play a role in international history with its most glorious periods in the 13th and 14th [&hellip;]","og_url":"https:\/\/www.abbayesaintandre.com\/?page_id=4759","og_site_name":"Abbaye Saint-Andr\u00e9 - Villeneuve-lez-Avignon","article_modified_time":"2021-05-28T14:08:26+00:00","og_image":[{"url":"http:\/\/www.abbayesaintandre.com\/wp-content\/uploads\/2013\/12\/ermitage-thumb.jpg","type":"","width":"","height":""}],"twitter_card":"summary_large_image","twitter_misc":{"Dur\u00e9e de lecture estim\u00e9e":"7 minutes"},"schema":{"@context":"https:\/\/schema.org","@graph":[{"@type":"WebPage","@id":"https:\/\/www.abbayesaintandre.com\/?page_id=4759","url":"https:\/\/www.abbayesaintandre.com\/?page_id=4759","name":"History - Abbaye Saint-Andr\u00e9 - Villeneuve-lez-Avignon","isPartOf":{"@id":"https:\/\/www.abbayesaintandre.com\/#website"},"primaryImageOfPage":{"@id":"https:\/\/www.abbayesaintandre.com\/?page_id=4759#primaryimage"},"image":{"@id":"https:\/\/www.abbayesaintandre.com\/?page_id=4759#primaryimage"},"thumbnailUrl":"http:\/\/www.abbayesaintandre.com\/wp-content\/uploads\/2013\/12\/ermitage-thumb.jpg","datePublished":"2013-12-18T16:15:24+00:00","dateModified":"2021-05-28T14:08:26+00:00","breadcrumb":{"@id":"https:\/\/www.abbayesaintandre.com\/?page_id=4759#breadcrumb"},"inLanguage":"fr-FR","potentialAction":[{"@type":"ReadAction","target":["https:\/\/www.abbayesaintandre.com\/?page_id=4759"]}]},{"@type":"ImageObject","inLanguage":"fr-FR","@id":"https:\/\/www.abbayesaintandre.com\/?page_id=4759#primaryimage","url":"http:\/\/www.abbayesaintandre.com\/wp-content\/uploads\/2013\/12\/ermitage-thumb.jpg","contentUrl":"http:\/\/www.abbayesaintandre.com\/wp-content\/uploads\/2013\/12\/ermitage-thumb.jpg"},{"@type":"BreadcrumbList","@id":"https:\/\/www.abbayesaintandre.com\/?page_id=4759#breadcrumb","itemListElement":[{"@type":"ListItem","position":1,"name":"Home","item":"https:\/\/www.abbayesaintandre.com\/"},{"@type":"ListItem","position":2,"name":"History"}]},{"@type":"WebSite","@id":"https:\/\/www.abbayesaintandre.com\/#website","url":"https:\/\/www.abbayesaintandre.com\/","name":"Abbaye Saint-Andr\u00e9 - Villeneuve-lez-Avignon","description":"Jardin remarquable &amp; abbey in south of France","potentialAction":[{"@type":"SearchAction","target":{"@type":"EntryPoint","urlTemplate":"https:\/\/www.abbayesaintandre.com\/?s={search_term_string}"},"query-input":{"@type":"PropertyValueSpecification","valueRequired":true,"valueName":"search_term_string"}}],"inLanguage":"fr-FR"}]}},"_links":{"self":[{"href":"https:\/\/www.abbayesaintandre.com\/index.php?rest_route=\/wp\/v2\/pages\/4759","targetHints":{"allow":["GET"]}}],"collection":[{"href":"https:\/\/www.abbayesaintandre.com\/index.php?rest_route=\/wp\/v2\/pages"}],"about":[{"href":"https:\/\/www.abbayesaintandre.com\/index.php?rest_route=\/wp\/v2\/types\/page"}],"author":[{"embeddable":true,"href":"https:\/\/www.abbayesaintandre.com\/index.php?rest_route=\/wp\/v2\/users\/1"}],"replies":[{"embeddable":true,"href":"https:\/\/www.abbayesaintandre.com\/index.php?rest_route=%2Fwp%2Fv2%2Fcomments&post=4759"}],"version-history":[{"count":2,"href":"https:\/\/www.abbayesaintandre.com\/index.php?rest_route=\/wp\/v2\/pages\/4759\/revisions"}],"predecessor-version":[{"id":5633,"href":"https:\/\/www.abbayesaintandre.com\/index.php?rest_route=\/wp\/v2\/pages\/4759\/revisions\/5633"}],"wp:attachment":[{"href":"https:\/\/www.abbayesaintandre.com\/index.php?rest_route=%2Fwp%2Fv2%2Fmedia&parent=4759"}],"curies":[{"name":"wp","href":"https:\/\/api.w.org\/{rel}","templated":true}]}}